{"id":273218,"date":"2025-08-07T08:30:39","date_gmt":"2025-08-07T08:30:39","guid":{"rendered":"https:\/\/vueltadeiguality.org\/?page_id=273218"},"modified":"2026-02-09T19:30:19","modified_gmt":"2026-02-09T19:30:19","slug":"kit-deines-de-donacions","status":"publish","type":"page","link":"https:\/\/vueltadeiguality.org\/ca\/kit-deines-de-donacions\/","title":{"rendered":"Kit d&#039;eines de donacions"},"content":{"rendered":"\n[et_pb_section fb_built=&#8221;1&#8243; next_background_color=&#8221;#ffffff&#8221; _builder_version=&#8221;4.27.4&#8243; _module_preset=&#8221;default&#8221; background_enable_color=&#8221;off&#8221; use_background_color_gradient=&#8221;on&#8221; background_color_gradient_stops=&#8221;#1649ff 0%|#0023a2 100%&#8221; background_enable_image=&#8221;off&#8221; background_position=&#8221;center_right&#8221; custom_padding=&#8221;40px||40px||true|false&#8221; top_divider_height=&#8221;20px&#8221; bottom_divider_style=&#8221;ramp2&#8243; hover_enabled=&#8221;0&#8243; background_last_edited=&#8221;on|desktop&#8221; background_enable_image_tablet=&#8221;off&#8221; locked=&#8221;off&#8221; global_colors_info=&#8221;{}&#8221; sticky_enabled=&#8221;0&#8243;][et_pb_row column_structure=&#8221;1_2,1_2&#8243; make_equal=&#8221;on&#8221; _builder_version=&#8221;4.27.0&#8243; _module_preset=&#8221;default&#8221; custom_css_main_element=&#8221;align-items: center;&#8221; global_colors_info=&#8221;{}&#8221;][et_pb_column type=&#8221;1_2&#8243; _builder_version=&#8221;4.27.0&#8243; _module_preset=&#8221;default&#8221; global_colors_info=&#8221;{}&#8221;][et_pb_text _builder_version=&#8221;4.27.4&#8243; _module_preset=&#8221;default&#8221; text_font=&#8221;Nunito|800|||||||&#8221; text_text_color=&#8221;#FFBE22&#8243; text_font_size=&#8221;38px&#8221; header_2_font=&#8221;&#8211;et_global_heading_font|900||on|||||&#8221; header_2_text_color=&#8221;#FFBE22&#8243; custom_margin=&#8221;||13px|||&#8221; text_font_size_tablet=&#8221;38px&#8221; text_font_size_phone=&#8221;38px&#8221; global_colors_info=&#8221;{}&#8221;]<h2>The donations toolkit<\/h2>[\/et_pb_text][et_pb_text _builder_version=&#8221;4.27.4&#8243; _module_preset=&#8221;default&#8221; text_font=&#8221;Quicksand|600|||||||&#8221; text_text_color=&#8221;#FFFFFF&#8221; text_font_size=&#8221;20px&#8221; custom_margin=&#8221;||19px|||&#8221; custom_padding=&#8221;||3px|||&#8221; global_colors_info=&#8221;{}&#8221;]<p>Thank you for joining Vuelta de Iguality! Soon, you\u2019ll be cycling or running many kilometers alongside more than 50 people. Beyond training, it\u2019s now time to start collecting donations to turn your effort into real impact.<\/p>[\/et_pb_text][et_pb_button button_url=&#8221;#getstarted&#8221; button_text=&#8221;Get started&#8221; _builder_version=&#8221;4.27.4&#8243; _module_preset=&#8221;default&#8221; button_text_color=&#8221;#1649FF&#8221; button_bg_color=&#8221;#FFFFFF&#8221; button_border_color=&#8221;#FFFFFF&#8221; button_icon_color=&#8221;#1649FF&#8221; button_border_width_last_edited=&#8221;off|desktop&#8221; box_shadow_spread=&#8221;-3px&#8221; locked=&#8221;off&#8221; global_colors_info=&#8221;{}&#8221; button_bg_color__hover_enabled=&#8221;on|desktop&#8221; button_bg_color__hover=&#8221;#EFEFEF&#8221; button_bg_enable_color__hover=&#8221;on&#8221; button_border_width__hover_enabled=&#8221;on|hover&#8221; box_shadow_spread__hover_enabled=&#8221;on|hover&#8221; box_shadow_spread__hover=&#8221;0px&#8221; button_border_color__hover_enabled=&#8221;on|hover&#8221; button_border_color__hover=&#8221;#EFEFEF&#8221;][\/et_pb_button][\/et_pb_column][et_pb_column type=&#8221;1_2&#8243; _builder_version=&#8221;4.27.0&#8243; _module_preset=&#8221;default&#8221; global_colors_info=&#8221;{}&#8221;][et_pb_image src=&#8221;https:\/\/vueltadeiguality.org\/wp-content\/uploads\/2025\/04\/iguality-mental-health-salud-mental-ngo122.jpg&#8221; title_text=&#8221;iguality-mental-health-salud-mental-ngo122&#8243; _builder_version=&#8221;4.27.4&#8243; _module_preset=&#8221;default&#8221; global_colors_info=&#8221;{}&#8221;][\/et_pb_image][\/et_pb_column][\/et_pb_row][\/et_pb_section][et_pb_section fb_built=&#8221;1&#8243; module_id=&#8221;getstarted&#8221; _builder_version=&#8221;4.27.4&#8243; _module_preset=&#8221;default&#8221; background_enable_color=&#8221;off&#8221; custom_padding=&#8221;28px||37px|||&#8221; locked=&#8221;off&#8221; global_colors_info=&#8221;{}&#8221;][et_pb_row column_structure=&#8221;1_2,1_2&#8243; make_equal=&#8221;on&#8221; _builder_version=&#8221;4.27.4&#8243; _module_preset=&#8221;default&#8221; custom_css_main_element=&#8221;align-items: center;&#8221; global_colors_info=&#8221;{}&#8221;][et_pb_column type=&#8221;1_2&#8243; _builder_version=&#8221;4.27.0&#8243; _module_preset=&#8221;default&#8221; global_colors_info=&#8221;{}&#8221;][et_pb_image src=&#8221;https:\/\/vueltadeiguality.org\/wp-content\/uploads\/2025\/04\/iguality-mental-health-salud-mental-ngo123.jpg&#8221; title_text=&#8221;iguality-mental-health-salud-mental-ngo123&#8243; _builder_version=&#8221;4.27.4&#8243; _module_preset=&#8221;default&#8221; border_radii=&#8221;on|10px|10px|10px|10px&#8221; global_colors_info=&#8221;{}&#8221;][\/et_pb_image][\/et_pb_column][et_pb_column type=&#8221;1_2&#8243; _builder_version=&#8221;4.27.0&#8243; _module_preset=&#8221;default&#8221; global_colors_info=&#8221;{}&#8221;][et_pb_text _builder_version=&#8221;4.27.4&#8243; _module_preset=&#8221;default&#8221; header_2_font=&#8221;&#8211;et_global_heading_font|900||on|||||&#8221; custom_margin=&#8221;||20px|||&#8221; global_colors_info=&#8221;{}&#8221;]<h2>How it works<\/h2>\n<p data-start=\"462\" data-end=\"685\">Friends, family, colleagues, and supporters can sponsor your ride or run by making a one-time donation through the official donation page:<br data-start=\"604\" data-end=\"607\" \/><a data-start=\"607\" data-end=\"683\" rel=\"noopener\" target=\"_new\" class=\"\" href=\"https:\/\/vueltadeiguality.org\/donate\/\">https:\/\/vueltadeiguality.org\/donate\/<\/a><\/p>\n<p data-start=\"687\" data-end=\"700\">Donors can:<\/p>\n<ul data-start=\"701\" data-end=\"837\">\n<li data-start=\"701\" data-end=\"763\">\n<p data-start=\"703\" data-end=\"763\">Mention your name in their donation to show their support.<\/p>\n<\/li>\n<li data-start=\"764\" data-end=\"837\">\n<p data-start=\"766\" data-end=\"837\">Choose whether to display their donation publicly or keep it anonymous.<\/p>\n<\/li>\n<\/ul>\n<p data-start=\"839\" data-end=\"946\">Sponsoring your effort is a meaningful way to support Iguality\u2019s mission while celebrating your commitment.<\/p>[\/et_pb_text][et_pb_button button_url=&#8221;#share&#8221; button_text=&#8221;Start sharing&#8221; _builder_version=&#8221;4.27.4&#8243; _module_preset=&#8221;default&#8221; global_colors_info=&#8221;{}&#8221;][\/et_pb_button][\/et_pb_column][\/et_pb_row][\/et_pb_section][et_pb_section fb_built=&#8221;1&#8243; module_id=&#8221;share&#8221; _builder_version=&#8221;4.27.4&#8243; _module_preset=&#8221;default&#8221; background_color=&#8221;rgba(22,73,255,0.04)&#8221; custom_padding=&#8221;28px||37px|||&#8221; locked=&#8221;off&#8221; global_colors_info=&#8221;{}&#8221;][et_pb_row column_structure=&#8221;1_2,1_2&#8243; make_equal=&#8221;on&#8221; _builder_version=&#8221;4.27.4&#8243; _module_preset=&#8221;default&#8221; custom_css_main_element=&#8221;align-items: center;&#8221; global_colors_info=&#8221;{}&#8221;][et_pb_column type=&#8221;1_2&#8243; _builder_version=&#8221;4.27.0&#8243; _module_preset=&#8221;default&#8221; global_colors_info=&#8221;{}&#8221;][et_pb_text _builder_version=&#8221;4.27.4&#8243; _module_preset=&#8221;default&#8221; header_2_font=&#8221;&#8211;et_global_heading_font|900||on|||||&#8221; custom_margin=&#8221;||20px|||&#8221; global_colors_info=&#8221;{}&#8221;]<h2>Start sharing your effort<\/h2>[\/et_pb_text][et_pb_blurb title=&#8221;SHARE THE PAGE&#8221; use_icon=&#8221;on&#8221; font_icon=&#8221;&#xe0a0;||divi||400&#8243; icon_color=&#8221;#1649FF&#8221; icon_placement=&#8221;left&#8221; _builder_version=&#8221;4.27.4&#8243; _module_preset=&#8221;default&#8221; custom_margin=&#8221;||16px|||&#8221; global_colors_info=&#8221;{}&#8221;]<p>Share the official donation page https:\/\/vueltadeiguality.org\/donate\/ with your friends, family, colleagues and followers, using the template messages below. On social media tag us (<strong>@igualitybcn<\/strong>) so we can reshare!<\/p>[\/et_pb_blurb][et_pb_blurb title=&#8221;TRACK YOUR IMPACT!&#8221; use_icon=&#8221;on&#8221; font_icon=&#8221;&#xf161;||fa||900&#8243; icon_color=&#8221;#1649FF&#8221; icon_placement=&#8221;left&#8221; _builder_version=&#8221;4.27.4&#8243; _module_preset=&#8221;default&#8221; custom_margin=&#8221;||16px|||&#8221; global_colors_info=&#8221;{}&#8221;]<p>Keep track of your impact by asking supporters to leave your name when donating.<\/p>[\/et_pb_blurb][et_pb_button button_url=&#8221;#templates&#8221; button_text=&#8221;Templates&#8221; _builder_version=&#8221;4.27.4&#8243; _module_preset=&#8221;default&#8221; global_colors_info=&#8221;{}&#8221;][\/et_pb_button][\/et_pb_column][et_pb_column type=&#8221;1_2&#8243; _builder_version=&#8221;4.27.0&#8243; _module_preset=&#8221;default&#8221; global_colors_info=&#8221;{}&#8221;][et_pb_image src=&#8221;https:\/\/vueltadeiguality.org\/wp-content\/uploads\/2025\/04\/iguality-mental-health-salud-mental-ngo145.jpg&#8221; title_text=&#8221;iguality-mental-health-salud-mental-ngo145&#8243; _builder_version=&#8221;4.27.4&#8243; _module_preset=&#8221;default&#8221; border_radii=&#8221;on|10px|10px|10px|10px&#8221; global_colors_info=&#8221;{}&#8221;][\/et_pb_image][\/et_pb_column][\/et_pb_row][\/et_pb_section][et_pb_section fb_built=&#8221;1&#8243; module_id=&#8221;templates&#8221; _builder_version=&#8221;4.27.4&#8243; _module_preset=&#8221;default&#8221; background_enable_color=&#8221;off&#8221; custom_padding=&#8221;45px||45px||false|false&#8221; locked=&#8221;off&#8221; global_colors_info=&#8221;{}&#8221;][et_pb_row make_equal=&#8221;on&#8221; _builder_version=&#8221;4.27.4&#8243; _module_preset=&#8221;default&#8221; custom_css_main_element=&#8221;align-items: center;&#8221; global_colors_info=&#8221;{}&#8221;][et_pb_column type=&#8221;4_4&#8243; _builder_version=&#8221;4.27.0&#8243; _module_preset=&#8221;default&#8221; global_colors_info=&#8221;{}&#8221;][et_pb_text _builder_version=&#8221;4.27.4&#8243; _module_preset=&#8221;default&#8221; header_2_font=&#8221;&#8211;et_global_heading_font|900||on|||||&#8221; custom_margin=&#8221;||25px|||&#8221; global_colors_info=&#8221;{}&#8221;]<h2>template messages<\/h2>\n<p>Share your effort and donation requests via WhatsApp, email, social media or other channels with these template messages you can adjust to meet your own ride or run, and of course, feel free to add a more personal touch! Also, find our SOCIAL MEDIA image templates <a href=\"https:\/\/drive.google.com\/drive\/folders\/1yimzR7NRr0aW3PZJWJu3dCfpaisYb_cr?usp=sharing\">over here.<\/a><\/p>[\/et_pb_text][et_pb_accordion open_toggle_text_color=&#8221;#1649FF&#8221; open_toggle_background_color=&#8221;#FFFFFF&#8221; closed_toggle_background_color=&#8221;#FFFFFF&#8221; toggle_icon=&#8221;&#xf358;||fa||900&#8243; icon_color=&#8221;#1649FF&#8221; use_icon_font_size=&#8221;on&#8221; icon_font_size=&#8221;26px&#8221; _builder_version=&#8221;4.27.4&#8243; _module_preset=&#8221;default&#8221; toggle_text_color=&#8221;#1649FF&#8221; toggle_font=&#8221;|||on|||||&#8221; toggle_font_size=&#8221;16px&#8221; body_font_size=&#8221;17px&#8221; body_line_height=&#8221;1.8em&#8221; border_radii=&#8221;on|20px|20px|20px|20px&#8221; box_shadow_style=&#8221;preset2&#8243; global_colors_info=&#8221;{}&#8221;][et_pb_accordion_item title=&#8221;Short (for social media for example)&#8221; open=&#8221;on&#8221; _builder_version=&#8221;4.27.4&#8243; _module_preset=&#8221;default&#8221; global_colors_info=&#8221;{}&#8221;]<p>\ud83d\udeb4\u200d\u2642\ufe0f\ud83c\udfc3\u200d\u2640\ufe0f Join me on September 28th as I cycle\/run X KMs in the Vuelta de Iguality 2025 to support Iguality, a nonprofit in Barcelona providing free mental health care to marginalized communities \ud83c\udf1f\ud83d\udc99 Support my effort by donating at the official page: https:\/\/vueltadeiguality.org\/donate\/ \u2014 every contribution helps provide free therapy and community support to at least 250 people annually! \ud83d\ude80\ud83d\udd35<\/p>[\/et_pb_accordion_item][et_pb_accordion_item title=&#8221;Long (for an email email for example):&#8221; _builder_version=&#8221;4.27.4&#8243; _module_preset=&#8221;default&#8221; global_colors_info=&#8221;{}&#8221;]<p>Hi [Name],<\/p>\n<p>I\u2019m excited to share that I\u2019ll be cycling\/running X KMs in September 2025 as part of the Vuelta de Iguality, supporting Iguality, a nonprofit organization based in Barcelona that provides free mental health care to marginalized communities. Iguality works with migrants, refugees, LGBTQ+ individuals, survivors of violence, and others at risk of social exclusion who cannot afford private care.<\/p>\n<p>Your donation will help us raise up to \u20ac10,000, which will allow Iguality in 2026 to sustain and grow our impact\u2014offering free psychosocial support to at least 250 people each year. This includes weekly therapy sessions, legal and social support, and organizing sports and community events that foster social connection and holistic wellbeing. Every euro donated goes directly into these programs, making a real difference in people\u2019s lives.<\/p>\n<p>I would be incredibly grateful if you could support my effort by making a one-time donation through the official page: https:\/\/vueltadeiguality.org\/donate\/, and by mentioning my name so we can track the impact of this ride. Your donation will help us continue providing essential care and create stronger, healthier communities.<\/p>\n<p>Thank you so much for your support!<\/p>\n<p>Best,<\/p>[\/et_pb_accordion_item][\/et_pb_accordion][et_pb_button button_url=&#8221;https:\/\/drive.google.com\/drive\/folders\/1yimzR7NRr0aW3PZJWJu3dCfpaisYb_cr?usp=sharing&#8221; url_new_window=&#8221;on&#8221; button_text=&#8221;Image templates&#8221; _builder_version=&#8221;4.27.4&#8243; _module_preset=&#8221;default&#8221; locked=&#8221;off&#8221; global_colors_info=&#8221;{}&#8221;][\/et_pb_button][\/et_pb_column][\/et_pb_row][\/et_pb_section][et_pb_section fb_built=&#8221;1&#8243; module_id=&#8221;cause&#8221; _builder_version=&#8221;4.27.4&#8243; _module_preset=&#8221;default&#8221; background_color=&#8221;rgba(22,73,255,0.04)&#8221; custom_padding=&#8221;45px||45px||false|false&#8221; locked=&#8221;off&#8221; global_colors_info=&#8221;{}&#8221;][et_pb_row column_structure=&#8221;1_2,1_2&#8243; make_equal=&#8221;on&#8221; _builder_version=&#8221;4.27.4&#8243; _module_preset=&#8221;default&#8221; custom_css_main_element=&#8221;align-items: center;&#8221; global_colors_info=&#8221;{}&#8221;][et_pb_column type=&#8221;1_2&#8243; _builder_version=&#8221;4.27.0&#8243; _module_preset=&#8221;default&#8221; global_colors_info=&#8221;{}&#8221;][et_pb_image src=&#8221;https:\/\/vueltadeiguality.org\/wp-content\/uploads\/2025\/04\/Vertical-iguality-website-photos-mental-health-1.jpg&#8221; title_text=&#8221;Vertical iguality website photos mental health (1)&#8221; _builder_version=&#8221;4.27.4&#8243; _module_preset=&#8221;default&#8221; border_radii=&#8221;on|10px|10px|10px|10px&#8221; global_colors_info=&#8221;{}&#8221;][\/et_pb_image][\/et_pb_column][et_pb_column type=&#8221;1_2&#8243; _builder_version=&#8221;4.27.0&#8243; _module_preset=&#8221;default&#8221; global_colors_info=&#8221;{}&#8221;][et_pb_text _builder_version=&#8221;4.27.4&#8243; _module_preset=&#8221;default&#8221; header_2_font=&#8221;&#8211;et_global_heading_font|900||on|||||&#8221; custom_margin=&#8221;||20px|||&#8221; global_colors_info=&#8221;{}&#8221;]<h2>the purpose of the donations<\/h2>\n<p>Our goal is to raise up to \u20ac10,000, which will allow Iguality in 2026 to:<\/p>[\/et_pb_text][et_pb_blurb title=&#8221;OFFER MORE FREE MENTAL HEALTH CARE&#8221; use_icon=&#8221;on&#8221; font_icon=&#8221;&#xe052;||divi||400&#8243; icon_color=&#8221;#1649FF&#8221; icon_placement=&#8221;left&#8221; _builder_version=&#8221;4.27.4&#8243; _module_preset=&#8221;default&#8221; custom_margin=&#8221;||16px|||&#8221; global_colors_info=&#8221;{}&#8221;]<p>Sustain and grow our impact by providing free mental health care to at least 250 people from marginalized communities such as migrants, refugees, LGBTQ+ individuals, and survivors of violence.<\/p>[\/et_pb_blurb][et_pb_blurb title=&#8221;OFFER MORE ACTIVITIES&#8221; use_icon=&#8221;on&#8221; font_icon=&#8221;&#xe052;||divi||400&#8243; icon_color=&#8221;#1649FF&#8221; icon_placement=&#8221;left&#8221; _builder_version=&#8221;4.27.4&#8243; _module_preset=&#8221;default&#8221; custom_margin=&#8221;||13px|||&#8221; global_colors_info=&#8221;{}&#8221;]<p>Reach even more people by organizing sports activities, social events, and community gatherings that promote wellbeing and social connection.<\/p>[\/et_pb_blurb][et_pb_blurb title=&#8221;MAKE A BIGGER SOCIAL IMPACT&#8221; use_icon=&#8221;on&#8221; font_icon=&#8221;&#xe052;||divi||400&#8243; icon_color=&#8221;#1649FF&#8221; icon_placement=&#8221;left&#8221; _builder_version=&#8221;4.27.4&#8243; _module_preset=&#8221;default&#8221; global_colors_info=&#8221;{}&#8221;]<p>Every euro donated goes directly into these programs, amplifying the positive impact of your cycling or running journey.<\/p>[\/et_pb_blurb][\/et_pb_column][\/et_pb_row][\/et_pb_section]\n","protected":false},"excerpt":{"rendered":"<p>Gr\u00e0cies per unir-te a la Vuelta de Iguality 2025! Aviat, recorrer\u00e0s molts quil\u00f2metres en bicicleta o corrent al costat de m\u00e9s de 50 persones. M\u00e9s enll\u00e0 de l&#039;entrenament, ara \u00e9s el moment de comen\u00e7ar a recaptar donacions per convertir el teu esfor\u00e7 en un impacte real.<\/p>","protected":false},"author":3,"featured_media":273611,"parent":0,"menu_order":0,"comment_status":"closed","ping_status":"closed","template":"","meta":{"_acf_changed":false,"_et_pb_use_builder":"on","_et_pb_old_content":"","_et_gb_content_width":"","footnotes":""},"class_list":["post-273218","page","type-page","status-publish","has-post-thumbnail","hentry"],"acf":[],"aioseo_notices":[],"_links":{"self":[{"href":"https:\/\/vueltadeiguality.org\/ca\/wp-json\/wp\/v2\/pages\/273218","targetHints":{"allow":["GET"]}}],"collection":[{"href":"https:\/\/vueltadeiguality.org\/ca\/wp-json\/wp\/v2\/pages"}],"about":[{"href":"https:\/\/vueltadeiguality.org\/ca\/wp-json\/wp\/v2\/types\/page"}],"author":[{"embeddable":true,"href":"https:\/\/vueltadeiguality.org\/ca\/wp-json\/wp\/v2\/users\/3"}],"replies":[{"embeddable":true,"href":"https:\/\/vueltadeiguality.org\/ca\/wp-json\/wp\/v2\/comments?post=273218"}],"version-history":[{"count":10,"href":"https:\/\/vueltadeiguality.org\/ca\/wp-json\/wp\/v2\/pages\/273218\/revisions"}],"predecessor-version":[{"id":273657,"href":"https:\/\/vueltadeiguality.org\/ca\/wp-json\/wp\/v2\/pages\/273218\/revisions\/273657"}],"wp:featuredmedia":[{"embeddable":true,"href":"https:\/\/vueltadeiguality.org\/ca\/wp-json\/wp\/v2\/media\/273611"}],"wp:attachment":[{"href":"https:\/\/vueltadeiguality.org\/ca\/wp-json\/wp\/v2\/media?parent=273218"}],"curies":[{"name":"wp","href":"https:\/\/api.w.org\/{rel}","templated":true}]}}